{"id":461,"date":"2023-04-24T11:44:17","date_gmt":"2023-04-24T09:44:17","guid":{"rendered":"https:\/\/www.neusrosell.com\/politica-de-privacitat\/"},"modified":"2023-04-24T11:44:17","modified_gmt":"2023-04-24T09:44:17","slug":"politica-de-privacitat","status":"publish","type":"page","link":"https:\/\/www.neusrosell.com\/ca\/politica-de-privacitat\/","title":{"rendered":"Pol\u00edtica de privacitat"},"content":{"rendered":"<h2>INFORMACI\u00d3 ADDICIONAL SOBRE PROTECCI\u00d3 DE DADES<\/h2>\n<p>El que es fa i no es fa amb les teves dades personals a aquesta web ho trobar\u00e0s aqu\u00ed.<br \/>Aquesta pol\u00edtica expressa com es tractar\u00e0 i es protegir\u00e0 la informaci\u00f3 personal de totes les persones que es relacionen amb Neus Rosell Estudi Creatiu a trav\u00e9s d&#8217;aquest lloc web. Si us plau, has de llegir tots els apartats de l&#8217;Av\u00eds Legal , de la pol\u00edtica de cookies i de la present pol\u00edtica de privadesa abans d&#8217;utilitzar aquest web.<br \/>De conformitat amb el que disposa el Reglament UE 2016\/679, del Parlament Europeu i del Consell del 27 d&#8217;abril del 2016 (RGPD) i la Llei Org\u00e0nica 3\/2018, del 5 de desembre, de Protecci\u00f3 de Dades Personals i garantia dels drets digitals, Neus Rosell Gallart , t&#8217;informa que, mitjan\u00e7ant l&#8217;acceptaci\u00f3 d&#8217;aquesta Pol\u00edtica de Privadesa, prestes el teu consentiment expr\u00e9s, informat, lliure i inequ\u00edvoc perqu\u00e8 les Dades que proporciones, i sobre les quals s&#8217;apliquen les mesures de seguretat, t\u00e8cniques i organitzatives previstes a la normativa vigent, siguin tractats per Neus Rosell Gallart , com a responsable del tractament.<\/p>\n<h2>QUI \u00c9S EL RESPONSABLE D&#8217;AQUESTA WEB?<\/h2>\n<ul>\n<li><strong>Identitat del Responsable<\/strong>: Neus Rosell Gallart<\/li>\n<li><strong>Nom comercial<\/strong>: Neus Rosell Estudi Creatiu<\/li>\n<li><strong>NIF<\/strong> 38123235E<\/li>\n<li><strong>Adre\u00e7a<\/strong>: c\/ Ribera d&#8217; Ebre 3-9 Esc 8<\/li>\n<li><strong>Correu electr\u00f2nic<\/strong>: neusrosell@gmail.com<\/li>\n<li><strong>Activitat<\/strong>: Disseny gr\u00e0fic<\/li>\n<li><strong>Dades de contacte del responsable o representant, i del delegat de protecci\u00f3 de dades si escau<\/strong>: neusrosell@gmail.com .<\/li>\n<li><strong>N\u00famero de col\u00b7legiat:<\/strong> Membre 749<\/li>\n<\/ul>\n<h2>QUINES DADES PERSONALS ES RECULLEN EN AQUESTA WEB?<\/h2>\n<p>Per a les finalitats establertes en aquesta Pol\u00edtica de Privadesa, Neus Rosell E studi Creatiu recull i tracta les Dades Personals que es detallen a continuaci\u00f3, que dependran dels diferents productes o serveis que sol\u00b7licite en aquesta Web:<\/p>\n<p>Dades identificatives: nom, cognoms.<\/p>\n<p>Dades de contacte : adre\u00e7a postal, correu electr\u00f2nic, n\u00famero de tel\u00e8fon m\u00f2bil.<\/p>\n<p>Dades navegaci\u00f3 : adre\u00e7a IP, tipus i identificaci\u00f3 del dispositiu, tipus de navegador, domini a trav\u00e9s del qual accedeix al Lloc Web, dades de navegaci\u00f3, activitat al Lloc Web.<\/p>\n<h2>AMB QUINA BASE LEGAL ES TRACTEN AQUESTES DADES?<\/h2>\n<p>Tractem les teves dades personals amb les bases legals seg\u00fcents:<\/p>\n<ul>\n<li>L&#8217;execuci\u00f3 d&#8217;un contracte amb Neus Rosell Estudi Creatiu , per a la contractaci\u00f3 de serveis, publicar anuncis i gestionar els serveis sol\u00b7licitats.<\/li>\n<li>El consentiment de l&#8217;usuari en relaci\u00f3 amb el contacte, la subscripci\u00f3 a continguts i l&#8217;enviament de comunicacions comercials, via mail, cookies o sistemes de missatgeria.<\/li>\n<li>L\u00b4inter\u00e8s leg\u00edtim del responsable del tractament per protegir els usuaris de la web de Neus Rosell Estudi Creatiu d\u00b4abusos i fraus en l\u00b4\u00fas dels nostres serveis.<\/li>\n<\/ul>\n<h2>AMB QUINES FINALITATS TRACTAREM LES TEVES DADES?<\/h2>\n<p>En aquesta web, hi ha diferents formularis, a cadascun d&#8217;ells, la informaci\u00f3 que reculli s&#8217;utilitzar\u00e0 de la seg\u00fcent manera:<\/p>\n<p>Formularis de subscripci\u00f3 a continguts: hi ha diversos formularis per activar la subscripci\u00f3. Les dades facilitades seran utilitzades exclusivament per enviar la Newsletter i mantenir-te actualitzat sobre novetats i ofertes puntuals, exclusives per a subscriptors de www.neusrosell.com.<\/p>\n<p>Formulari de contacte: Tamb\u00e9 hi ha un formulari de contacte per a consultes, suggeriments o contacte professional. En aquest cas s&#8217;utilitzar\u00e0 l&#8217;adre\u00e7a de correu electr\u00f2nic per respondre-hi i enviar la informaci\u00f3 que l&#8217;usuari requereixi a trav\u00e9s del web.<\/p>\n<h2>TEMPS DE CONSERVACI\u00d3 DE LES DADES PERSONALS<\/h2>\n<p><strong>Dades dels Clients<\/strong>: El per\u00edode de conservaci\u00f3 de les dades personals variar\u00e0 en funci\u00f3 del servei que el Client contracti. En qualsevol cas, ser\u00e0 el m\u00ednim necessari, podent mantenir-se fins a:<\/p>\n<ul>\n<li>4 anys: Llei sobre Infraccions i Sancions a l&#8217;Ordre Social (obligacions en mat\u00e8ria d&#8217;afiliaci\u00f3, altes, baixes, cotitzaci\u00f3, pagament de salaris\u2026); Arts. 66 i ss. Llei General Tribut\u00e0ria (llibres de comptabilitat\u2026).<\/li>\n<li>5 anys: Art. 1964 del Codi Civil (accions personals sense termini especial).<\/li>\n<li>6 anys: Art. 30 del Codi de Comer\u00e7 (llibres de comptabilitat, factures\u2026).<\/li>\n<li>10 anys: Art. 25 de la Llei de Prevenci\u00f3 del Blanqueig de Capitals i Finan\u00e7ament del Terrorisme.<\/li>\n<\/ul>\n<p><strong>Dades dels subscriptors<\/strong> : Des que l&#8217;usuari se subscriu fins que es d\u00f3na de baixa.<\/p>\n<p><strong>Dades de clients potencials<\/strong> : les dades es conservaran en tot cas durant la vig\u00e8ncia de la relaci\u00f3 comercial establerta i, una vegada conclosa, dos anys, llevat que l&#8217;usuari sol\u00b7liciti abans la seva supressi\u00f3.<\/p>\n<h2>QUINES S\u00d3N ELS TEUS DRETS EN QU\u00c8 CONERN A L&#8217;\u00daS DE LES TEVES DADES?<\/h2>\n<p>Qualsevol persona t\u00e9 dret a obtenir confirmaci\u00f3 sobre si a Neus Rosell Estudi Creatiu estem tractant dades personals que li concerneixen o no.<\/p>\n<p>Les persones interessades tenen dret a:<\/p>\n<ul>\n<li>Sol\u00b7licitar l&#8217;acc\u00e9s a les dades personals relatives a la persona interessada.<\/li>\n<li>Sol\u00b7licitar-ne la rectificaci\u00f3 o supressi\u00f3.<\/li>\n<li>Sol\u00b7licitar-ne la cancel\u00b7laci\u00f3.<\/li>\n<li>Sol\u00b7licitar la limitaci\u00f3 del tractament.<\/li>\n<li>Oposar-se al tractament.<\/li>\n<li>Sol\u00b7licitar la portabilitat de les dades.<\/li>\n<\/ul>\n<p>Si heu atorgat el vostre consentiment per a alguna finalitat concreta, teniu dret a retirar el consentiment atorgat en qualsevol moment, sense que aix\u00f2 afecti la licitud del tractament basat en el consentiment previ a la seva retirada.<\/p>\n<p>En cas que senti vulnerats els seus drets pel que fa a la protecci\u00f3 de les seves dades personals, especialment quan no hagi obtingut satisfacci\u00f3 en l&#8217;exercici dels seus drets, pot presentar una reclamaci\u00f3 davant de l&#8217;Autoritat de Control en mat\u00e8ria de protecci\u00f3 de dades competent a trav\u00e9s del vostre lloc web: <a href=\"https:\/\/www.aepd.es\/ca\">https:\/\/www.aepd.es\/ca<\/a><\/p>\n<p>Per exercitar aquests drets, podeu escriure a <a href=\"mailto:neusrosell@gmail.com\">neusrosell@gmail.com<\/a>.<\/p>\n<p>Hi ha un formulari per a l&#8217;exercici dels seus drets , ho pot demanar per correu electr\u00f2nic o si ho prefereix, pot fer servir els elaborats per l&#8217;Ag\u00e8ncia Espanyola de Protecci\u00f3 de Dades o tercers.<\/p>\n<p>Aquests formularis han d&#8217;anar signats electr\u00f2nicament o acompanyats de fotoc\u00f2pia del DNI.<\/p>\n<p>Si us representa alg\u00fa, heu d&#8217;adjuntar c\u00f2pia del vostre DNI, o heu d&#8217;estar signat amb la vostra signatura electr\u00f2nica.<\/p>\n<p>Els formularis es poden presentar presencialment, enviats per carta o per mail a l&#8217;adre\u00e7a del responsable que apareix a l&#8217;inici d&#8217;aquest text.<\/p>\n<h2>NOTIFICACI\u00d3 I DECLARACI\u00d3 DE BRETXES<\/h2>\n<h3>Notificaci\u00f3 de seguretat i declaraci\u00f3 de bretxes<\/h3>\n<p>Neus Ros ell Gallart assumeix mesures de seguretat adequades al nivell de risc per protegir la informaci\u00f3 personal contra p\u00e8rdua, \u00fas indegut i acc\u00e9s no autoritzat, divulgaci\u00f3, alteraci\u00f3 i destrucci\u00f3, tenint en compte els riscos que comporta el processament i la naturalesa de la informaci\u00f3 personal; no obstant aix\u00f2, si Neus Rosell Estudi Creatiu determina que les seves dades de serveis han estat malversades (fins i tot per un empleat de Neus Rosell Estudi Creatiu , s&#8217;han vist exposats per una bretxa de seguretat o adquirits de forma incorrecta per un tercer, Neus Rosell Estudi Creatiu us informar\u00e0 immediatament d&#8217;aquesta bretxa de seguretat, apropiaci\u00f3 o adquisici\u00f3 indeguda.<\/p>\n<h2>A QUINS DESTINATARIS ES COMUNICARAN LES TEVES DADES?<\/h2>\n<p>Moltes eines utilitzades en aquesta web per gestionar dades s\u00f3n contractades per tercers. Per prestar serveis estrictament necessaris per al desenvolupament de l&#8217;activitat, Neus Rosell Estudi Creatiu comparteix dades amb els prestadors seg\u00fcents sota les seves corresponents condicions de privadesa:<br \/>Prove\u00efdors de serveis externs (per exemple, serveis de processament de pagament, processament de comandes, an\u00e0lisi, gesti\u00f3 campanyes de m\u00e0rqueting, gesti\u00f3 de llocs web, i distribuci\u00f3 de correu electr\u00f2nic i altres prove\u00efdors de serveis similars) per tal que aquests puguin realitzar funcions comercials en nom de Neus Rosell Estudi Creatiu .<br \/>Poden tenir acc\u00e9s a aquesta web de manera ocasional l&#8217;empresa de desenvolupament i manteniment web, o la de hosting. Les mateixes tenen signat un contracte de prestaci\u00f3 de serveis que els obliga a mantenir el mateix nivell de privadesa que s&#8217;aplica als tractaments realitzats en aquesta web.<br \/>Qualsevol transfer\u00e8ncia internacional de dades derivada de la utilitzaci\u00f3 d&#8217;eines o prove\u00efdors de serveis, estar\u00e0 adherida al conveni Privacy Shield, que garanteix que les empreses de programari americ\u00e0 compleixen les pol\u00edtiques de protecci\u00f3 de dades europees en mat\u00e8ria de privadesa, secret i seguretat de les dades .<br \/>Concretament aquesta web utilitza les eines seg\u00fcents:<\/p>\n<ul>\n<li>Eina d&#8217;email m\u00e0rqueting:<\/li>\n<li>Eina de facturaci\u00f3:<\/li>\n<li>Eines d&#8217;an\u00e0lisi<\/li>\n<\/ul>\n<h2>SECRET I SEGURETAT DE LES DADES<\/h2>\n<p><a href=\"https:\/\/www.neusrosell.com\/ca\/\">www.neusrosell.com<\/a> es compromet a l&#8217;\u00fas i tractament de les dades personals de l&#8217;usuari, respectant-ne la confidencialitat, d&#8217;acord amb la finalitat; aix\u00ed com a donar compliment a la seva obligaci\u00f3 de guardar-los i adaptar totes les mesures per evitar l&#8217;alteraci\u00f3, la p\u00e8rdua, el tractament o l&#8217;acc\u00e9s no autoritzat, de conformitat amb el que estableix la normativa vigent de protecci\u00f3 de dades.<br \/><a href=\"https:\/\/www.neusrosell.com\/ca\/\">www.neusrosell.com<\/a> inclou un certificat SSL. Es tracta d&#8217;un protocol de seguretat que fa que les vostres dades viatgin de manera \u00edntegra i segura; \u00e9s a dir, la transmissi\u00f3 de les dades entre un servidor i l&#8217;usuari web, i en retroalimentaci\u00f3 \u00e9s totalment xifrada o encriptada<br \/><a href=\"https:\/\/www.neusrosell.com\/ca\/\">www.neusrosell.com<\/a> no pot garantir l&#8217;absoluta inexpugnabilitat de la xarxa Internet, ni, per tant, la violaci\u00f3 de les dades mitjan\u00e7ant accessos fraudulents per part de tercers.<br \/>Pel que fa a la confidencialitat del processament, Neus Rosell Estudi Creatiu s&#8217;assegurar\u00e0 que qualsevol persona que estigui autoritzada per Neus Rosell Estudi Creatiu per processar les dades del client (incl\u00f2s el seu personal, col\u00b7laboradors i prestadors), estar\u00e0 sota l&#8217;obligaci\u00f3 apropiada de confidencialitat ( ja sigui un deure contractual o legal).<br \/>Quan es presenti algun incident de seguretat, en adonar-se&#8217;n Neus Rosell Estudi Creatiu haur\u00e0 de notificar al Client sense demores indegudes i haur\u00e0 de proporcionar informaci\u00f3 oportuna relacionada amb l&#8217;Incident de Seguretat tal com es conegui, o quan el client ho sol\u00b7liciti raonablement.<\/p>\n<h2>EXACTITUD I VERACITAT DE LES DADES<\/h2>\n<p>Com a usuari, ets l&#8217;\u00fanic responsable de la veracitat i la correcci\u00f3 de les dades que remetis a www.neusrosell.com , exonerant Neus Rosell Gallart ( Neus Rosell Estudi Creatiu ), de qualsevol responsabilitat al respecte. Els usuaris garanteixen i responen, en qualsevol cas, de l&#8217;exactitud, vig\u00e8ncia i autenticitat de les dades personals facilitades, i es comprometen a mantenir-les degudament actualitzades. L&#8217;usuari accepta proporcionar informaci\u00f3 completa i correcta al formulari de contacte o subscripci\u00f3.<\/p>\n<h2>REVOCABILITAT<\/h2>\n<p>El consentiment prestat, tant per al tractament com per a la cessi\u00f3 de les dades dels interessats, \u00e9s revocable en qualsevol moment comunicant-ho a Neus Rosell Gallart (Neus Rosell Estudi Creatiu) en els termes establerts en aquesta Pol\u00edtica per a l&#8217;exercici dels drets ARCO. Aquesta revocaci\u00f3 en cap cas no t\u00e9 car\u00e0cter retroactiu.<\/p>\n<h2>CANVIS A LA POL\u00cdTICA DE PRIVACITAT<\/h2>\n<p>Neus Rosell Gallart es reserva el dret a modificar aquesta pol\u00edtica per adaptar-la a novetats legislatives o jurisprudencials, aix\u00ed com a pr\u00e0ctiques de la ind\u00fastria. En aquests sup\u00f2sits, anunciar\u00e0 en aquesta p\u00e0gina els canvis introdu\u00efts amb una antelaci\u00f3 raonable a la seva posada en pr\u00e0ctica.<\/p>\n","protected":false},"excerpt":{"rendered":"<p>INFORMACI\u00d3 ADDICIONAL SOBRE PROTECCI\u00d3 DE DADES El que es fa i no es fa amb les teves dades personals a aquesta web ho trobar\u00e0s aqu\u00ed.Aquesta pol\u00edtica expressa com es tractar\u00e0 i es protegir\u00e0 la informaci\u00f3 personal de totes les persones que es relacionen amb Neus Rosell Estudi Creatiu a trav\u00e9s d&#8217;aquest lloc web. Si us [&hellip;]<\/p>\n","protected":false},"author":1,"featured_media":0,"parent":0,"menu_order":0,"comment_status":"closed","ping_status":"closed","template":"","meta":{"_et_pb_use_builder":"","_et_pb_old_content":"","_et_gb_content_width":"","footnotes":""},"class_list":["post-461","page","type-page","status-publish","hentry"],"yoast_head":"<!-- This site is optimized with the Yoast SEO plugin v25.6 - https:\/\/yoast.com\/wordpress\/plugins\/seo\/ -->\n<title>Pol\u00edtica de privacitat - Neus Rosell<\/title>\n<meta name=\"robots\" content=\"index, follow, max-snippet:-1, max-image-preview:large, max-video-preview:-1\" \/>\n<link rel=\"canonical\" href=\"https:\/\/www.neusrosell.com\/ca\/politica-de-privacitat\/\" \/>\n<meta property=\"og:locale\" content=\"ca_ES\" \/>\n<meta property=\"og:type\" content=\"article\" \/>\n<meta property=\"og:title\" content=\"Pol\u00edtica de privacitat - Neus Rosell\" \/>\n<meta property=\"og:description\" content=\"INFORMACI\u00d3 ADDICIONAL SOBRE PROTECCI\u00d3 DE DADES El que es fa i no es fa amb les teves dades personals a aquesta web ho trobar\u00e0s aqu\u00ed.Aquesta pol\u00edtica expressa com es tractar\u00e0 i es protegir\u00e0 la informaci\u00f3 personal de totes les persones que es relacionen amb Neus Rosell Estudi Creatiu a trav\u00e9s d&#8217;aquest lloc web. Si us [&hellip;]\" \/>\n<meta property=\"og:url\" content=\"https:\/\/www.neusrosell.com\/ca\/politica-de-privacitat\/\" \/>\n<meta property=\"og:site_name\" content=\"Neus Rosell\" \/>\n<meta name=\"twitter:card\" content=\"summary_large_image\" \/>\n<meta name=\"twitter:label1\" content=\"Temps estimat de lectura\" \/>\n\t<meta name=\"twitter:data1\" content=\"9 minuts\" \/>\n<script type=\"application\/ld+json\" class=\"yoast-schema-graph\">{\"@context\":\"https:\/\/schema.org\",\"@graph\":[{\"@type\":\"WebPage\",\"@id\":\"https:\/\/www.neusrosell.com\/ca\/politica-de-privacitat\/\",\"url\":\"https:\/\/www.neusrosell.com\/ca\/politica-de-privacitat\/\",\"name\":\"Pol\u00edtica de privacitat - Neus Rosell\",\"isPartOf\":{\"@id\":\"https:\/\/www.neusrosell.com\/ca\/#website\"},\"datePublished\":\"2023-04-24T09:44:17+00:00\",\"breadcrumb\":{\"@id\":\"https:\/\/www.neusrosell.com\/ca\/politica-de-privacitat\/#breadcrumb\"},\"inLanguage\":\"ca\",\"potentialAction\":[{\"@type\":\"ReadAction\",\"target\":[\"https:\/\/www.neusrosell.com\/ca\/politica-de-privacitat\/\"]}]},{\"@type\":\"BreadcrumbList\",\"@id\":\"https:\/\/www.neusrosell.com\/ca\/politica-de-privacitat\/#breadcrumb\",\"itemListElement\":[{\"@type\":\"ListItem\",\"position\":1,\"name\":\"Portada\",\"item\":\"https:\/\/www.neusrosell.com\/ca\/\"},{\"@type\":\"ListItem\",\"position\":2,\"name\":\"Pol\u00edtica de privacitat\"}]},{\"@type\":\"WebSite\",\"@id\":\"https:\/\/www.neusrosell.com\/ca\/#website\",\"url\":\"https:\/\/www.neusrosell.com\/ca\/\",\"name\":\"Neus Rosell\",\"description\":\"Estudio creativo aplicado a la comunicaci\u00f3n\",\"potentialAction\":[{\"@type\":\"SearchAction\",\"target\":{\"@type\":\"EntryPoint\",\"urlTemplate\":\"https:\/\/www.neusrosell.com\/ca\/?s={search_term_string}\"},\"query-input\":{\"@type\":\"PropertyValueSpecification\",\"valueRequired\":true,\"valueName\":\"search_term_string\"}}],\"inLanguage\":\"ca\"}]}<\/script>\n<!-- \/ Yoast SEO plugin. -->","yoast_head_json":{"title":"Pol\u00edtica de privacitat - Neus Rosell","robots":{"index":"index","follow":"follow","max-snippet":"max-snippet:-1","max-image-preview":"max-image-preview:large","max-video-preview":"max-video-preview:-1"},"canonical":"https:\/\/www.neusrosell.com\/ca\/politica-de-privacitat\/","og_locale":"ca_ES","og_type":"article","og_title":"Pol\u00edtica de privacitat - Neus Rosell","og_description":"INFORMACI\u00d3 ADDICIONAL SOBRE PROTECCI\u00d3 DE DADES El que es fa i no es fa amb les teves dades personals a aquesta web ho trobar\u00e0s aqu\u00ed.Aquesta pol\u00edtica expressa com es tractar\u00e0 i es protegir\u00e0 la informaci\u00f3 personal de totes les persones que es relacionen amb Neus Rosell Estudi Creatiu a trav\u00e9s d&#8217;aquest lloc web. Si us [&hellip;]","og_url":"https:\/\/www.neusrosell.com\/ca\/politica-de-privacitat\/","og_site_name":"Neus Rosell","twitter_card":"summary_large_image","twitter_misc":{"Temps estimat de lectura":"9 minuts"},"schema":{"@context":"https:\/\/schema.org","@graph":[{"@type":"WebPage","@id":"https:\/\/www.neusrosell.com\/ca\/politica-de-privacitat\/","url":"https:\/\/www.neusrosell.com\/ca\/politica-de-privacitat\/","name":"Pol\u00edtica de privacitat - Neus Rosell","isPartOf":{"@id":"https:\/\/www.neusrosell.com\/ca\/#website"},"datePublished":"2023-04-24T09:44:17+00:00","breadcrumb":{"@id":"https:\/\/www.neusrosell.com\/ca\/politica-de-privacitat\/#breadcrumb"},"inLanguage":"ca","potentialAction":[{"@type":"ReadAction","target":["https:\/\/www.neusrosell.com\/ca\/politica-de-privacitat\/"]}]},{"@type":"BreadcrumbList","@id":"https:\/\/www.neusrosell.com\/ca\/politica-de-privacitat\/#breadcrumb","itemListElement":[{"@type":"ListItem","position":1,"name":"Portada","item":"https:\/\/www.neusrosell.com\/ca\/"},{"@type":"ListItem","position":2,"name":"Pol\u00edtica de privacitat"}]},{"@type":"WebSite","@id":"https:\/\/www.neusrosell.com\/ca\/#website","url":"https:\/\/www.neusrosell.com\/ca\/","name":"Neus Rosell","description":"Estudio creativo aplicado a la comunicaci\u00f3n","potentialAction":[{"@type":"SearchAction","target":{"@type":"EntryPoint","urlTemplate":"https:\/\/www.neusrosell.com\/ca\/?s={search_term_string}"},"query-input":{"@type":"PropertyValueSpecification","valueRequired":true,"valueName":"search_term_string"}}],"inLanguage":"ca"}]}},"_links":{"self":[{"href":"https:\/\/www.neusrosell.com\/ca\/wp-json\/wp\/v2\/pages\/461","targetHints":{"allow":["GET"]}}],"collection":[{"href":"https:\/\/www.neusrosell.com\/ca\/wp-json\/wp\/v2\/pages"}],"about":[{"href":"https:\/\/www.neusrosell.com\/ca\/wp-json\/wp\/v2\/types\/page"}],"author":[{"embeddable":true,"href":"https:\/\/www.neusrosell.com\/ca\/wp-json\/wp\/v2\/users\/1"}],"replies":[{"embeddable":true,"href":"https:\/\/www.neusrosell.com\/ca\/wp-json\/wp\/v2\/comments?post=461"}],"version-history":[{"count":0,"href":"https:\/\/www.neusrosell.com\/ca\/wp-json\/wp\/v2\/pages\/461\/revisions"}],"wp:attachment":[{"href":"https:\/\/www.neusrosell.com\/ca\/wp-json\/wp\/v2\/media?parent=461"}],"curies":[{"name":"wp","href":"https:\/\/api.w.org\/{rel}","templated":true}]}}